{"id":124,"date":"2025-05-09T20:26:44","date_gmt":"2025-05-09T23:26:44","guid":{"rendered":"https:\/\/mallet.letsite.com.br\/?post_type=profissional&#038;p=124"},"modified":"2026-04-16T12:24:41","modified_gmt":"2026-04-16T15:24:41","slug":"estevao-mallet","status":"publish","type":"profissional","link":"https:\/\/mallet.adv.br\/fr\/profissional\/estevao-mallet\/","title":{"rendered":"Est\u00eav\u00e3o Mallet"},"content":{"rendered":"<p><\/p>\n<ul>\n<li style=\"font-weight: 400;\" aria-level=\"1\"><span style=\"font-weight: 400;\">Admitted to the Brazilian Bar Association (OAB), S\u00e3o Paulo Chapter, under registration no. 109.014<\/span><\/li>\n<\/ul>\n<ul>\n<li><span style=\"font-weight: 400;\"> \u00a0 Bachelor of Laws from the Faculty of Law, University of S\u00e3o Paulo (USP) \u2013 1990<\/span><\/li>\n<li><span style=\"font-weight: 400;\"> \u00a0 Master\u2019s degree in Labour Law from the Faculty of Law, USP \u2013 1995<\/span><\/li>\n<li><span style=\"font-weight: 400;\"> \u00a0 PhD in Labour Law from the Faculty of Law, USP \u2013 1997<\/span><\/li>\n<li><span style=\"font-weight: 400;\"> \u00a0 Lecturer in Labour Law at the Faculty of Law, USP \u2013 2000<\/span><\/li>\n<li><span style=\"font-weight: 400;\"> \u00a0 Lecturer at the Faculty of Law, University of S\u00e3o Paulo \u2013 USP from 1998 to 2020.<\/span><\/li>\n<li><span style=\"font-weight: 400;\"> \u00a0 Visiting Lecturer at the Faculty of Law, Pantheon-Assas University \u2013 Paris II, in 1999 and 2012.<\/span><\/li>\n<li><span style=\"font-weight: 400;\"> \u00a0 Visiting Lecturer at the Faculty of Law, University of Nantes, in 2010.<\/span><\/li>\n<li><span style=\"font-weight: 400;\"> \u00a0 Visiting Lecturer at the Porto School of the Faculty of Law, Portuguese Catholic University, in 2014.<\/span><\/li>\n<li><span style=\"font-weight: 400;\"> \u00a0 Visiting lecturer at the Faculty of Law, Aix-Marseille University, in 2015, 2017 and 2019.<\/span><\/li>\n<li><span style=\"font-weight: 400;\"> \u00a0 Visiting lecturer at the Faculty of Law, University of Lisbon, in 2017.<\/span><\/li>\n<li><span style=\"font-weight: 400;\"> \u00a0 Elected councillor of the S\u00e3o Paulo Association of Labour Lawyers (AATSP) for three terms, from 1997.<\/span><\/li>\n<li><span style=\"font-weight: 400;\"> \u00a0 Councillor of the S\u00e3o Paulo Bar Association (OAB\/SP) for three terms, from 2007.<\/span><\/li>\n<li><span style=\"font-weight: 400;\"> \u00a0 Consultant member of the Special Commission on Labour Law of the S\u00e3o Paulo Bar Association (OAB\/SP) \u2013 2009<\/span><\/li>\n<li><span style=\"font-weight: 400;\"> \u00a0 Coordinateur de l&rsquo;\u00c9cole sup\u00e9rieure de droit de l&rsquo;Association des avocats sp\u00e9cialis\u00e9s en droit du travail de S\u00e3o Paulo \u2013 2012<\/span><\/li>\n<li><span style=\"font-weight: 400;\"> \u00a0 Membre de la Commission du droit du travail de l&rsquo;Institut des avocats br\u00e9siliens \u2013 2014<\/span><\/li>\n<li><span style=\"font-weight: 400;\"> \u00a0 Membre titulaire de la Commission des \u00e9tudes de troisi\u00e8me cycle de la Facult\u00e9 de droit de l&rsquo;USP \u2013 2015<\/span><\/li>\n<li><span style=\"font-weight: 400;\"> \u00a0 Membre du Conseil sup\u00e9rieur des relations de travail de la FIESP \u2013 2015<\/span><\/li>\n<li><span style=\"font-weight: 400;\"> \u00a0 Membre du Conseil juridique du SINDUSCON-SP \u2013 2017<\/span><\/li>\n<li><span style=\"font-weight: 400;\"> \u00a0 Membre du Conseil sup\u00e9rieur des affaires juridiques et l\u00e9gislatives \u2013 CONJUR, de la FIESP \u2013 2018<\/span><\/li>\n<li><span style=\"font-weight: 400;\"> \u00a0 Membre du Conseil consultatif de l\u2019Acad\u00e9mie br\u00e9silienne de droit du travail \u2013 2018<\/span><\/li>\n<li><span style=\"font-weight: 400;\"> \u00a0 Membre de la Chambre nationale d\u2019arbitrage du travail \u2013 CANATRA \u2013 2019<\/span><\/li>\n<li><span style=\"font-weight: 400;\"> \u00a0 Titulaire de la chaire n\u00b0 97 de l\u2019Acad\u00e9mie nationale de droit du travail<\/span><\/li>\n<li><span style=\"font-weight: 400;\"> \u00a0 Membre titulaire de l\u2019Institut latino-am\u00e9ricain du droit du travail et de la s\u00e9curit\u00e9 sociale et de l\u2019Association ib\u00e9ro-am\u00e9ricaine du droit du travail et de la s\u00e9curit\u00e9 sociale<\/span><\/li>\n<li><span style=\"font-weight: 400;\"> \u00a0 Membre de l\u2019Institut br\u00e9silien d\u2019\u00e9tudes juridiques et de l\u2019Acad\u00e9mie pauliste de droit<\/span><\/li>\n<li><span style=\"font-weight: 400;\"> \u00a0 R\u00e9cipiendaire de la M\u00e9daille d\u2019or de l\u2019Ordre du m\u00e9rite juridique d\u00e9cern\u00e9e par l\u2019Ordre des avocats du Br\u00e9sil, section du Par\u00e1 \u2013 1998<\/span><\/li>\n<li><span style=\"font-weight: 400;\"> \u00a0 R\u00e9cipiendaire de la M\u00e9daille du M\u00e9rite judiciaire du travail, au grade de Commandeur, d\u00e9cern\u00e9e par la Cour sup\u00e9rieure du travail \u2013 2003<\/span><\/li>\n<li><span style=\"font-weight: 400;\"> \u00a0 R\u00e9cipiendaire de la M\u00e9daille de l&rsquo;Ordre du M\u00e9rite judiciaire de la Cour r\u00e9gionale du travail de la 2e r\u00e9gion, au grade de Commandeur, d\u00e9cern\u00e9e par la Cour r\u00e9gionale du travail de la 2e r\u00e9gion \u2013 2007<\/span><\/li>\n<\/ul>\n<ul>\n<li style=\"font-weight: 400;\" aria-level=\"1\"><span style=\"font-weight: 400;\">R\u00e9cipiendaire de la M\u00e9daille de l&rsquo;Ordre du M\u00e9rite judiciaire du travail \u00ab Guaicurus \u00bb d\u00e9cern\u00e9e par le Tribunal r\u00e9gional du travail de la 24e r\u00e9gion, au grade de Grand Officier \u2013 2011<\/span><\/li>\n<\/ul>\n<ul>\n<li><span style=\"font-weight: 400;\"> \u00a0 Prix de reconnaissance d\u00e9cern\u00e9 par l&rsquo;Ordre des avocats de S\u00e3o Paulo (OAB S\u00e3o Paulo) en hommage \u00e0 ses services exceptionnels rendus \u00e0 la profession juridique de S\u00e3o Paulo \u2013 2012<\/span><\/li>\n<\/ul>\n<ul>\n<li style=\"font-weight: 400;\" aria-level=\"1\"><span style=\"font-weight: 400;\">D\u00e9cor\u00e9 de la M\u00e9daille de l&rsquo;Ordre du M\u00e9rite judiciaire Guaicurus en droit du travail par le Tribunal r\u00e9gional du travail de la 24e r\u00e9gion, au grade de Grand Officier \u2013 2011<\/span><\/li>\n<\/ul>\n<ul>\n<li><span style=\"font-weight: 400;\"> \u00a0 Prix de reconnaissance d\u00e9cern\u00e9 par l&rsquo;Ordre des avocats de S\u00e3o Paulo en hommage \u00e0 ses services exceptionnels rendus \u00e0 la profession juridique de S\u00e3o Paulo \u2013 2012<\/span><\/li>\n<li><span style=\"font-weight: 400;\"> \u00a0 Prix du m\u00e9rite p\u00e9dagogique d\u00e9cern\u00e9 par l\u2019Ordre des avocats du Br\u00e9sil, section de S\u00e3o Paulo \u2013 2014<\/span><\/li>\n<li><span style=\"font-weight: 400;\"> \u00a0 R\u00e9compens\u00e9 par la m\u00e9daille de Grand Officier de l\u2019Ordre du m\u00e9rite judiciaire du Tribunal r\u00e9gional du travail de la 2e r\u00e9gion \u2013 2015<\/span><\/li>\n<li><span style=\"font-weight: 400;\"> \u00a0 Auteur des ouvrages \u00ab Le droit du travail dans la Constitution \u00bb, Rio de Janeiro, Forense, 1994, \u00ab Du pourvoi en r\u00e9vision dans les proc\u00e9dures du travail \u00bb, S\u00e3o Paulo, LTr, 1995, \u00ab Notes sur le droit proc\u00e9dural du travail \u00bb, S\u00e3o Paulo, LTr, 1997, et \u00ab Les mesures provisoires dans les proc\u00e9dures du travail \u00bb, S\u00e3o Paulo, LTr, 2e \u00e9dition, 1999, \u00ab Th\u00e8mes de droit du travail \u00bb, S\u00e3o Paulo, LTr, 1998, \u00ab La proc\u00e9dure de mise en demeure dans les proc\u00e9dures du travail \u00bb, S\u00e3o Paulo, LTr, 2000, et \u00ab La proc\u00e9dure sommaire dans les proc\u00e9dures du travail \u00bb, S\u00e3o Paulo, LTr, 2002, \u00ab Droit, travail et proc\u00e9dures en mutation \u00bb, S\u00e3o Paulo, LTr, 2005, \u00ab Pratique du droit du travail \u00bb, S\u00e3o Paulo, LTr, 2008 \u00ab Essai sur l&rsquo;interpr\u00e9tation des d\u00e9cisions judiciaires \u00bb, S\u00e3o Paulo, LTr, 2009, et \u00ab Fusions, scissions, rachats et th\u00e8mes connexes \u00bb, S\u00e3o Paulo : Quartier Latin, 2009, \u00ab Recours proc\u00e9duraux en mati\u00e8re de droit du travail collectif. Th\u00e8mes \u00bb, S\u00e3o Paulo, LTr, 2010, \u00ab Pratique du droit du travail, vol. 2 \u00bb, S\u00e3o Paulo : LTr, 2012, \u00ab \u00c9galit\u00e9 et discrimination en droit du travail \u00bb, S\u00e3o Paulo, LTr, 2013, \u00ab Dogmatique \u00e9l\u00e9mentaire du droit de gr\u00e8ve \u00bb, S\u00e3o Paulo, LTr, 2014, \u00ab Dogmatique \u00e9l\u00e9mentaire du droit de gr\u00e8ve, 2e \u00e9dition \u00bb, LTr, 2015, ainsi que plusieurs dizaines d&rsquo;articles publi\u00e9s dans des ouvrages collectifs, des revues, des journaux et d&rsquo;autres p\u00e9riodiques.<\/span><\/li>\n<li><span style=\"font-weight: 400;\"> \u00a0 Mention individuelle dans Chambers and Partners, de 2009 \u00e0 2025, ainsi d\u00e9fini par ses clients : \u00ab C\u2019est l\u2019un des meilleurs avocats plaidants et un adversaire redoutable. L\u2019avocat le plus brillant et un professionnel totalement d\u00e9vou\u00e9 et respect\u00e9 \u00bb, \u2026 \u00ab une personnalit\u00e9 brillante et l\u2019un des meilleurs noms du march\u00e9 juridique br\u00e9silien \u00bb, \u2026 \u00ab C\u2019est sans aucun doute la personne la plus sollicit\u00e9e pour traiter de nouveaux sujets ; il est capable de donner une le\u00e7on sur n\u2019importe quelle question de droit du travail \u00bb, \u2026 \u00ab Est\u00eav\u00e3o est un professionnel tr\u00e8s r\u00e9put\u00e9 sur le march\u00e9 et fournit un travail d\u2019excellence \u00bb, \u2026 \u00ab Il est non seulement extr\u00eamement comp\u00e9tent en droit du travail, mais c\u2019est aussi un universitaire reconnu qui produit d\u2019excellents avis juridiques \u00bb, \u2026 \u00ab Mallet poss\u00e8de une connaissance extraordinaire des proc\u00e9dures civiles. \u00bb Plus d\u2019informations : chambersandpartners.com<\/span><\/li>\n<li><span style=\"font-weight: 400;\"> \u00a0 Il figure dans l\u2019An\u00e1lise Advocacia 500, parmi les plus admir\u00e9s, de 2008 \u00e0 2025. Plus d\u2019informations :\u00a0 analise.com<\/span><\/li>\n<\/ul>\n<ul>\n<li style=\"font-weight: 400;\" aria-level=\"1\"><span style=\"font-weight: 400;\">A figur\u00e9 dans le PLC Which lawyer \u2013 Labour and employee benefits, en tant que personnalit\u00e9 remarquable, en 2008 et 2009. Plus d&rsquo;informations : practicallaw.com\/whichlawyer<\/span><\/li>\n<\/ul>\n<ul>\n<li><span style=\"font-weight: 400;\"> \u00a0 A figur\u00e9 dans le Labour and Employee Benefits Handbook en 2010 et 2011, vol. 1, en tant que personnalit\u00e9 remarquable. Plus d&rsquo;informations : practicallaw.com<\/span><\/li>\n<li><span style=\"font-weight: 400;\"> \u00a0 Nomm\u00e9 r\u00e9f\u00e9rence mondiale en droit du travail par le guide international Labour &amp; Employment Expert Guide. Plus d&rsquo;informations :\u00a0 expertguides.com<\/span><\/li>\n<li><span style=\"font-weight: 400;\"> \u00a0 Il a figur\u00e9 dans le Who\u2019s Who Legal: Brazil de 2010 \u00e0 2019, o\u00f9 il est d\u00e9crit comme suit : \u00ab Est\u00eav\u00e3o Mallet est un acteur cl\u00e9 du march\u00e9 local, offrant \u00e0 ses clients un service haut de gamme tant dans les affaires contentieuses que non contentieuses \u00bb, \u2026 \u00ab Est\u00eav\u00e3o Mallet est \u00ab une star dans son domaine \u00bb selon ses pairs qui saluent ses \u00ab excellentes connaissances techniques \u00bb, \u2026 Est\u00eav\u00e3o Mallet se distingue comme l\u2019avocat le plus \u00e9minent du pays en droit du travail et de l\u2019emploi. Il est consid\u00e9r\u00e9 comme \u00ab un ma\u00eetre du march\u00e9 du travail \u00bb, une source soulignant : \u00ab C\u2019est un avocat hautement qualifi\u00e9, dot\u00e9 d\u2019une expertise dans presque tous les domaines du droit du travail et de l\u2019emploi. \u00bb Plus d\u2019informations : whoswholegal.com<\/span><\/li>\n<li><span style=\"font-weight: 400;\"> \u00a0 Il figure dans le Latin Lawyer \u2013 The Business Law Resource for Latin America. Reconnu comme l\u2019un des avocats les plus remarquables du march\u00e9 actuel, pour les r\u00e9sultats qu\u2019il obtient et pour son extraordinaire r\u00e9putation acad\u00e9mique. Plus d\u2019informations :\u00a0 latinlawyer.com<\/span><\/li>\n<li><span style=\"font-weight: 400;\"> \u00a0 Laur\u00e9at exclusif des International Law Office (ILO) Client Choice Awards 2012, en tant que r\u00e9f\u00e9rence dans le domaine du droit du travail au Br\u00e9sil. Plus d&rsquo;informations : \u00a0 internationallawoffice.com<\/span><\/li>\n<li><span style=\"font-weight: 400;\"> \u00a0 R\u00e9pertori\u00e9 dans The Legal 500 Latin America de 2012 \u00e0 2018. Consid\u00e9r\u00e9 comme l&rsquo;un des avocats les plus reconnus dans le domaine du droit du travail \u00e0 l&rsquo;heure actuelle et jouissant d&rsquo;une r\u00e9putation acad\u00e9mique nationale. Plus d&rsquo;informations :\u00a0 http:\/\/www.legal500.com<\/span><\/li>\n<li><span style=\"font-weight: 400;\"> \u00a0 Distinction en tant qu&rsquo;avocat renomm\u00e9 en droit du travail dans le Best Lawyers. Plus d&rsquo;informations : https:\/\/www.bestlawyers.com\/current-edition\/Brazil<\/span><\/li>\n<li><span style=\"font-weight: 400;\"> \u00a0 Distinction comme l&rsquo;un des avocats les plus pl\u00e9biscit\u00e9s et recommand\u00e9s par les membres de la Lacca \u2013 Latin American Corporate Counsel Association, association qui regroupe les principaux conseils d&rsquo;administration d&rsquo;entreprises op\u00e9rant en Am\u00e9rique latine. Plus d&rsquo;informations :\u00a0 http:\/\/laccanet.com\/approved\/96\/labour\/16\/brazil\/<\/span><\/li>\n<\/ul>\n<p><\/p>","protected":false},"featured_media":20929,"template":"","tipo":[7],"class_list":["post-124","profissional","type-profissional","status-publish","has-post-thumbnail","hentry","tipo-associes"],"acf":[],"yoast_head":"<!-- This site is optimized with the Yoast SEO plugin v26.3 - https:\/\/yoast.com\/wordpress\/plugins\/seo\/ -->\n<title>Est\u00eav\u00e3o Mallet - Mallet Advogados<\/title>\n<meta name=\"robots\" content=\"index, follow, max-snippet:-1, max-image-preview:large, max-video-preview:-1\" \/>\n<link rel=\"canonical\" href=\"https:\/\/mallet.adv.br\/profissional\/estevao-mallet\/\" \/>\n<meta property=\"og:locale\" content=\"fr_FR\" \/>\n<meta property=\"og:type\" content=\"article\" \/>\n<meta property=\"og:title\" content=\"Est\u00eav\u00e3o Mallet - Mallet Advogados\" \/>\n<meta property=\"og:description\" content=\"Admitted to the Brazilian Bar Association (OAB), S\u00e3o Paulo Chapter, under registration no. 109.014 [&hellip;]\" \/>\n<meta property=\"og:url\" content=\"https:\/\/mallet.adv.br\/profissional\/estevao-mallet\/\" \/>\n<meta property=\"og:site_name\" content=\"Mallet Advogados\" \/>\n<meta property=\"article:modified_time\" content=\"2026-04-16T15:24:41+00:00\" \/>\n<meta property=\"og:image\" content=\"https:\/\/mallet.adv.br\/wp-content\/uploads\/2025\/05\/15.png\" \/>\n\t<meta property=\"og:image:width\" content=\"1280\" \/>\n\t<meta property=\"og:image:height\" content=\"854\" \/>\n\t<meta property=\"og:image:type\" content=\"image\/png\" \/>\n<meta name=\"twitter:card\" content=\"summary_large_image\" \/>\n<meta name=\"twitter:label1\" content=\"Dur\u00e9e de lecture estim\u00e9e\" \/>\n\t<meta name=\"twitter:data1\" content=\"8 minutes\" \/>\n<script type=\"application\/ld+json\" class=\"yoast-schema-graph\">{\"@context\":\"https:\/\/schema.org\",\"@graph\":[{\"@type\":\"WebPage\",\"@id\":\"https:\/\/mallet.adv.br\/profissional\/estevao-mallet\/\",\"url\":\"https:\/\/mallet.adv.br\/profissional\/estevao-mallet\/\",\"name\":\"Est\u00eav\u00e3o Mallet - Mallet Advogados\",\"isPartOf\":{\"@id\":\"https:\/\/mallet.adv.br\/#website\"},\"primaryImageOfPage\":{\"@id\":\"https:\/\/mallet.adv.br\/profissional\/estevao-mallet\/#primaryimage\"},\"image\":{\"@id\":\"https:\/\/mallet.adv.br\/profissional\/estevao-mallet\/#primaryimage\"},\"thumbnailUrl\":\"https:\/\/mallet.adv.br\/wp-content\/uploads\/2025\/05\/15.png\",\"datePublished\":\"2025-05-09T23:26:44+00:00\",\"dateModified\":\"2026-04-16T15:24:41+00:00\",\"breadcrumb\":{\"@id\":\"https:\/\/mallet.adv.br\/profissional\/estevao-mallet\/#breadcrumb\"},\"inLanguage\":\"fr-FR\",\"potentialAction\":[{\"@type\":\"ReadAction\",\"target\":[\"https:\/\/mallet.adv.br\/profissional\/estevao-mallet\/\"]}]},{\"@type\":\"ImageObject\",\"inLanguage\":\"fr-FR\",\"@id\":\"https:\/\/mallet.adv.br\/profissional\/estevao-mallet\/#primaryimage\",\"url\":\"https:\/\/mallet.adv.br\/wp-content\/uploads\/2025\/05\/15.png\",\"contentUrl\":\"https:\/\/mallet.adv.br\/wp-content\/uploads\/2025\/05\/15.png\",\"width\":1280,\"height\":854},{\"@type\":\"BreadcrumbList\",\"@id\":\"https:\/\/mallet.adv.br\/profissional\/estevao-mallet\/#breadcrumb\",\"itemListElement\":[{\"@type\":\"ListItem\",\"position\":1,\"name\":\"In\u00edcio\",\"item\":\"https:\/\/mallet.adv.br\/\"},{\"@type\":\"ListItem\",\"position\":2,\"name\":\"Est\u00eav\u00e3o Mallet\"}]},{\"@type\":\"WebSite\",\"@id\":\"https:\/\/mallet.adv.br\/#website\",\"url\":\"https:\/\/mallet.adv.br\/\",\"name\":\"Mallet Advogados\",\"description\":\"\",\"publisher\":{\"@id\":\"https:\/\/mallet.adv.br\/#organization\"},\"potentialAction\":[{\"@type\":\"SearchAction\",\"target\":{\"@type\":\"EntryPoint\",\"urlTemplate\":\"https:\/\/mallet.adv.br\/?s={search_term_string}\"},\"query-input\":{\"@type\":\"PropertyValueSpecification\",\"valueRequired\":true,\"valueName\":\"search_term_string\"}}],\"inLanguage\":\"fr-FR\"},{\"@type\":\"Organization\",\"@id\":\"https:\/\/mallet.adv.br\/#organization\",\"name\":\"Mallet Advogados\",\"url\":\"https:\/\/mallet.adv.br\/\",\"logo\":{\"@type\":\"ImageObject\",\"inLanguage\":\"fr-FR\",\"@id\":\"https:\/\/mallet.adv.br\/#\/schema\/logo\/image\/\",\"url\":\"https:\/\/mallet.adv.br\/wp-content\/uploads\/2025\/11\/Logo_Mallet_Buscadores.jpg\",\"contentUrl\":\"https:\/\/mallet.adv.br\/wp-content\/uploads\/2025\/11\/Logo_Mallet_Buscadores.jpg\",\"width\":500,\"height\":500,\"caption\":\"Mallet Advogados\"},\"image\":{\"@id\":\"https:\/\/mallet.adv.br\/#\/schema\/logo\/image\/\"},\"sameAs\":[\"https:\/\/www.linkedin.com\/company\/mallet-advogados-e-associados\/\"]}]}<\/script>\n<!-- \/ Yoast SEO plugin. -->","yoast_head_json":{"title":"Est\u00eav\u00e3o Mallet - Mallet Advogados","robots":{"index":"index","follow":"follow","max-snippet":"max-snippet:-1","max-image-preview":"max-image-preview:large","max-video-preview":"max-video-preview:-1"},"canonical":"https:\/\/mallet.adv.br\/profissional\/estevao-mallet\/","og_locale":"fr_FR","og_type":"article","og_title":"Est\u00eav\u00e3o Mallet - Mallet Advogados","og_description":"Admitted to the Brazilian Bar Association (OAB), S\u00e3o Paulo Chapter, under registration no. 109.014 [&hellip;]","og_url":"https:\/\/mallet.adv.br\/profissional\/estevao-mallet\/","og_site_name":"Mallet Advogados","article_modified_time":"2026-04-16T15:24:41+00:00","og_image":[{"width":1280,"height":854,"url":"https:\/\/mallet.adv.br\/wp-content\/uploads\/2025\/05\/15.png","type":"image\/png"}],"twitter_card":"summary_large_image","twitter_misc":{"Dur\u00e9e de lecture estim\u00e9e":"8 minutes"},"schema":{"@context":"https:\/\/schema.org","@graph":[{"@type":"WebPage","@id":"https:\/\/mallet.adv.br\/profissional\/estevao-mallet\/","url":"https:\/\/mallet.adv.br\/profissional\/estevao-mallet\/","name":"Est\u00eav\u00e3o Mallet - Mallet Advogados","isPartOf":{"@id":"https:\/\/mallet.adv.br\/#website"},"primaryImageOfPage":{"@id":"https:\/\/mallet.adv.br\/profissional\/estevao-mallet\/#primaryimage"},"image":{"@id":"https:\/\/mallet.adv.br\/profissional\/estevao-mallet\/#primaryimage"},"thumbnailUrl":"https:\/\/mallet.adv.br\/wp-content\/uploads\/2025\/05\/15.png","datePublished":"2025-05-09T23:26:44+00:00","dateModified":"2026-04-16T15:24:41+00:00","breadcrumb":{"@id":"https:\/\/mallet.adv.br\/profissional\/estevao-mallet\/#breadcrumb"},"inLanguage":"fr-FR","potentialAction":[{"@type":"ReadAction","target":["https:\/\/mallet.adv.br\/profissional\/estevao-mallet\/"]}]},{"@type":"ImageObject","inLanguage":"fr-FR","@id":"https:\/\/mallet.adv.br\/profissional\/estevao-mallet\/#primaryimage","url":"https:\/\/mallet.adv.br\/wp-content\/uploads\/2025\/05\/15.png","contentUrl":"https:\/\/mallet.adv.br\/wp-content\/uploads\/2025\/05\/15.png","width":1280,"height":854},{"@type":"BreadcrumbList","@id":"https:\/\/mallet.adv.br\/profissional\/estevao-mallet\/#breadcrumb","itemListElement":[{"@type":"ListItem","position":1,"name":"In\u00edcio","item":"https:\/\/mallet.adv.br\/"},{"@type":"ListItem","position":2,"name":"Est\u00eav\u00e3o Mallet"}]},{"@type":"WebSite","@id":"https:\/\/mallet.adv.br\/#website","url":"https:\/\/mallet.adv.br\/","name":"Mallet Advogados","description":"","publisher":{"@id":"https:\/\/mallet.adv.br\/#organization"},"potentialAction":[{"@type":"SearchAction","target":{"@type":"EntryPoint","urlTemplate":"https:\/\/mallet.adv.br\/?s={search_term_string}"},"query-input":{"@type":"PropertyValueSpecification","valueRequired":true,"valueName":"search_term_string"}}],"inLanguage":"fr-FR"},{"@type":"Organization","@id":"https:\/\/mallet.adv.br\/#organization","name":"Mallet Advogados","url":"https:\/\/mallet.adv.br\/","logo":{"@type":"ImageObject","inLanguage":"fr-FR","@id":"https:\/\/mallet.adv.br\/#\/schema\/logo\/image\/","url":"https:\/\/mallet.adv.br\/wp-content\/uploads\/2025\/11\/Logo_Mallet_Buscadores.jpg","contentUrl":"https:\/\/mallet.adv.br\/wp-content\/uploads\/2025\/11\/Logo_Mallet_Buscadores.jpg","width":500,"height":500,"caption":"Mallet Advogados"},"image":{"@id":"https:\/\/mallet.adv.br\/#\/schema\/logo\/image\/"},"sameAs":["https:\/\/www.linkedin.com\/company\/mallet-advogados-e-associados\/"]}]}},"_links":{"self":[{"href":"https:\/\/mallet.adv.br\/fr\/wp-json\/wp\/v2\/profissional\/124","targetHints":{"allow":["GET"]}}],"collection":[{"href":"https:\/\/mallet.adv.br\/fr\/wp-json\/wp\/v2\/profissional"}],"about":[{"href":"https:\/\/mallet.adv.br\/fr\/wp-json\/wp\/v2\/types\/profissional"}],"wp:featuredmedia":[{"embeddable":true,"href":"https:\/\/mallet.adv.br\/fr\/wp-json\/wp\/v2\/media\/20929"}],"wp:attachment":[{"href":"https:\/\/mallet.adv.br\/fr\/wp-json\/wp\/v2\/media?parent=124"}],"wp:term":[{"taxonomy":"tipo","embeddable":true,"href":"https:\/\/mallet.adv.br\/fr\/wp-json\/wp\/v2\/tipo?post=124"}],"curies":[{"name":"wp","href":"https:\/\/api.w.org\/{rel}","templated":true}]}}