{"id":124,"date":"2025-05-09T20:26:44","date_gmt":"2025-05-09T23:26:44","guid":{"rendered":"https:\/\/mallet.letsite.com.br\/?post_type=profissional&#038;p=124"},"modified":"2026-04-16T12:24:41","modified_gmt":"2026-04-16T15:24:41","slug":"estevao-mallet","status":"publish","type":"profissional","link":"https:\/\/mallet.adv.br\/en\/profissional\/estevao-mallet\/","title":{"rendered":"Est\u00eav\u00e3o Mallet"},"content":{"rendered":"<p><\/p>\n<ul>\n<li style=\"font-weight: 400;\" aria-level=\"1\"><span style=\"font-weight: 400;\">Admitted to the Brazilian Bar Association (OAB), S\u00e3o Paulo Chapter, under registration no. 109.014<\/span><\/li>\n<\/ul>\n<ul>\n<li><span style=\"font-weight: 400;\"> \u00a0 Bachelor of Laws from the University of S\u00e3o Paulo (USP) \u2013 1990<\/span><\/li>\n<li><span style=\"font-weight: 400;\"> \u00a0 Master\u2019s degree in Labour Law from the University of S\u00e3o Paulo (USP) \u2013 1995<\/span><\/li>\n<li><span style=\"font-weight: 400;\"> \u00a0 PhD in Labour Law from the University of S\u00e3o Paulo (USP) \u2013 1997<\/span><\/li>\n<li><span style=\"font-weight: 400;\"> \u00a0 Lecturer in Labour Law at the University of S\u00e3o Paulo (USP) \u2013 2000<\/span><\/li>\n<li><span style=\"font-weight: 400;\"> \u00a0 Lecturer at the Faculty of Law, University of S\u00e3o Paulo \u2013 USP from 1998 to 2020.<\/span><\/li>\n<li><span style=\"font-weight: 400;\"> \u00a0 Visiting Lecturer at the Faculty of Law, Pantheon-Assas University \u2013 Paris II, in 1999 and 2012.<\/span><\/li>\n<li><span style=\"font-weight: 400;\"> \u00a0 Visiting Lecturer at the Faculty of Law, University of Nantes, in 2010.<\/span><\/li>\n<li><span style=\"font-weight: 400;\"> \u00a0 Visiting Lecturer at the Porto School of the Faculty of Law, Portuguese Catholic University, in 2014.<\/span><\/li>\n<li><span style=\"font-weight: 400;\"> \u00a0 Visiting lecturer at the Faculty of Law, Aix-Marseille University, in 2015, 2017 and 2019.<\/span><\/li>\n<li><span style=\"font-weight: 400;\"> \u00a0 Visiting lecturer at the Faculty of Law, University of Lisbon, in 2017.<\/span><\/li>\n<li><span style=\"font-weight: 400;\"> \u00a0 Elected councillor of the S\u00e3o Paulo Association of Labour Lawyers (AATSP) for three terms, from 1997.<\/span><\/li>\n<li><span style=\"font-weight: 400;\"> \u00a0 Councillor of the S\u00e3o Paulo Bar Association (OAB\/SP) for three terms, from 2007.<\/span><\/li>\n<li><span style=\"font-weight: 400;\"> \u00a0 Consultant member of the Special Commission on Labour Law of the S\u00e3o Paulo Bar Association (OAB\/SP) \u2013 2009<\/span><\/li>\n<\/ul>\n<ul>\n<li style=\"font-weight: 400;\" aria-level=\"1\"><span style=\"font-weight: 400;\">Coordinator of the Higher School of Law at the S\u00e3o Paulo Association of Labour Lawyers \u2013 2012<\/span><\/li>\n<\/ul>\n<ul>\n<li><span style=\"font-weight: 400;\"> \u00a0 Member of the Labour Law Committee of the Brazilian Bar Association \u2013 2014<\/span><\/li>\n<li><span style=\"font-weight: 400;\"> \u00a0 Full Member of the Postgraduate Committee of the USP Faculty of Law \u2013 2015<\/span><\/li>\n<li><span style=\"font-weight: 400;\"> \u00a0 Member of the FIESP Higher Council for Labour Relations \u2013 2015<\/span><\/li>\n<li><span style=\"font-weight: 400;\"> \u00a0 Member of the Legal Council of SINDUSCON-SP \u2013 2017<\/span><\/li>\n<li><span style=\"font-weight: 400;\"> \u00a0 Member of the Higher Council for Legal and Legislative Affairs \u2013 CONJUR, of FIESP \u2013 2018<\/span><\/li>\n<li><span style=\"font-weight: 400;\"> \u00a0 Member of the Advisory Board of the Brazilian Academy of Labour Law \u2013 2018<\/span><\/li>\n<li><span style=\"font-weight: 400;\"> \u00a0 Member of the National Chamber of Labour Arbitration \u2013 CANATRA \u2013 2019<\/span><\/li>\n<li><span style=\"font-weight: 400;\"> \u00a0 Holder of Chair No. 97 at the National Academy of Labour Law<\/span><\/li>\n<li><span style=\"font-weight: 400;\"> \u00a0 Member of the Latin American Institute of Labour Law and Social Security and the Ibero-American Association of Labour Law and Social Security<\/span><\/li>\n<li><span style=\"font-weight: 400;\"> \u00a0 Member of the Brazilian Institute of Legal Studies and the S\u00e3o Paulo Academy of Law<\/span><\/li>\n<li><span style=\"font-weight: 400;\"> \u00a0 Awarded the Gold Medal of the Order of Merit for the Legal Profession by the Brazilian Bar Association, Par\u00e1 Chapter \u2013 1998<\/span><\/li>\n<li><span style=\"font-weight: 400;\"> \u00a0 Awarded the Medal of Merit for Labour Justice, in the rank of Commander, by the Superior Labour Court \u2013 2003<\/span><\/li>\n<li><span style=\"font-weight: 400;\"> \u00a0 Awarded the Medal of the Order of Judicial Merit of the Regional Labour Court of the 2nd Region, in the rank of Commander, by the Regional Labour Court of the 2nd Region \u2013 2007<\/span><\/li>\n<li><span style=\"font-weight: 400;\"> \u00a0 Awarded the Medal of the Guaicurus Order of Labour Judicial Merit by the Regional Labour Court of the 24th Region, in the rank of Grand Officer \u2013 2011<\/span><\/li>\n<li><span style=\"font-weight: 400;\"> \u00a0 Award of Recognition from the S\u00e3o Paulo Bar Association (OAB S\u00e3o Paulo) in honour of his outstanding services to the S\u00e3o Paulo legal profession \u2013 2012<\/span><\/li>\n<\/ul>\n<ul>\n<li style=\"font-weight: 400;\" aria-level=\"1\"><span style=\"font-weight: 400;\">Awarded the Medal of the Guaicurus Order of Judicial Merit in Labour Law by the Regional Labour Court of the 24th Region, in the rank of Grand Officer \u2013 2011<\/span><\/li>\n<\/ul>\n<ul>\n<li><span style=\"font-weight: 400;\"> \u00a0 Award of Recognition from the S\u00e3o Paulo Bar Association in honour of his outstanding services to the S\u00e3o Paulo legal profession \u2013 2012<\/span><\/li>\n<li><span style=\"font-weight: 400;\"> \u00a0 Award of Teaching Merit from the Brazilian Bar Association, S\u00e3o Paulo Section \u2013 2014<\/span><\/li>\n<li><span style=\"font-weight: 400;\"> \u00a0 Awarded the Grand Officer\u2019s Medal by the Order of Judicial Merit of the Regional Labour Court of the 2nd Region \u2013 2015<\/span><\/li>\n<li><span style=\"font-weight: 400;\"> \u00a0 Author of the books \u201cLabour Law in the Constitution\u201d, Rio de Janeiro, Forense, 1994, \u201cOn the appeal for review in labour proceedings\u201d, S\u00e3o Paulo, LTr, 1995, \u201cNotes on Labour Procedural Law\u201d, S\u00e3o Paulo, LTr, 1997, and \u201cInterim Relief in Labour Proceedings\u201d, S\u00e3o Paulo, LTr, 2nd edition, 1999, \u201cTopics in Labour Law\u201d, S\u00e3o Paulo, LTr, 1998 \u201cMonitory proceedings in labour proceedings\u201d, S\u00e3o Paulo, LTr, 2000, \u201cSummary proceedings in labour proceedings\u201d, S\u00e3o Paulo, LTr, 2002, \u201cLaw, Labour and Proceedings in Transformation\u201d, S\u00e3o Paulo, LTr, 2005, \u201cLabour Law Practice\u201d, S\u00e3o Paulo, LTr, 2008, \u201cEssay on the Interpretation of Judicial Decisions\u201d, S\u00e3o Paulo, LTr, 2009, \u201cMergers, Demergers, Takeovers and Related Topics\u201d, S\u00e3o Paulo: Quartier Latin, 2009, \u201cCollective Labour Procedural Remedies. Topics\u201d, S\u00e3o Paulo, LTr, 2010, \u201cLabour Law Practice, Vol. 2\u201d, S\u00e3o Paulo: LTr, 2012, \u201cEquality and Discrimination in Labour Law\u201d, S\u00e3o Paulo, LTr, 2013, \u201cElementary Dogmatics of the Right to Strike\u201d, S\u00e3o Paulo, LTr, 2014, \u201cElementary Dogmatics of the Right to Strike, 2nd Edition\u201d, LTr, 2015, as well as dozens of articles published in edited volumes, journals, newspapers and other periodicals<\/span><\/li>\n<li><span style=\"font-weight: 400;\"> \u00a0 Individual recognition in Chambers and Partners, from 2009 to 2025, as described by clients: \u201cHe\u2019s one of the best litigators and a difficult adversary. The most brilliant lawyer and a completely focused and respected professional\u201d, \u2026 \u201ca brilliant individual and one of the best names in the Brazilian legal market\u201d, \u2026 \u201cHe is definitely the most in-demand name to help with new topics; he is able to deliver a lesson on any labour matter\u201d, \u2026 \u201cEst\u00eav\u00e3o is a highly reputable professional in the market and delivers work of the highest quality\u201d, \u2026 \u201cHe is not only extremely knowledgeable about labour law but is also an acclaimed academic who produces excellent legal opinions\u201d, \u2026 \u201cMallet has an extraordinary level of knowledge of civil procedures.\u201d Further information: chambersandpartners.com<\/span><\/li>\n<li><span style=\"font-weight: 400;\"> \u00a0 Listed in An\u00e1lise Advocacia 500, among the most admired, from 2008 to 2025. Further information:\u00a0 analise.com<\/span><\/li>\n<\/ul>\n<p><span style=\"font-weight: 400;\">Featured in the PLC Which Lawyer \u2013 Labour and Employee Benefits guide as an individual highlight in 2008 and 2009. Further information: practicallaw.com\/whichlawyer<\/span><\/p>\n<ul>\n<li><span style=\"font-weight: 400;\"> \u00a0 Featured in the Labour and Employee Benefits Handbook in 2010 and 2011, Vol. 1, as an individual highlight. Further information: practicallaw.com<\/span><\/li>\n<li><span style=\"font-weight: 400;\"> \u00a0 Named as a leading global labour lawyer by the international Labour &amp; Employment Expert Guide. Further information:\u00a0 expertguides.com<\/span><\/li>\n<li><span style=\"font-weight: 400;\"> \u00a0 Featured in Who\u2019s Who Legal: Brazil from 2010 to 2019, described as follows: \u201cEst\u00eav\u00e3o Mallet is a key player in the local market providing clients with top-of-the-range service across both contentious and non-contentious matters\u201d, \u2026 \u201cEst\u00eav\u00e3o Mallet is \u2018a star in the field\u2019 according to peers who praise his \u2018excellent technical knowledge\u2019,\u201d \u2026 Est\u00eav\u00e3o Mallet stands out as the most prominent labour and employment lawyer in the country. He is considered \u201ca master in the labour market\u201d, with one source noting, \u201cHe is a highly skilled lawyer with expertise in almost all subject matters concerning labour and employment law.\u201d Further information: whoswholegal.com<\/span><\/li>\n<li><span style=\"font-weight: 400;\"> \u00a0 Featured in Latin Lawyer \u2013 The Business Law Resource for Latin America. Recognised as one of the most notable lawyers in the current market, for the results he achieves and his outstanding academic reputation. Further information:\u00a0 latinlawyer.com<\/span><\/li>\n<\/ul>\n<ul>\n<li style=\"font-weight: 400;\" aria-level=\"1\"><span style=\"font-weight: 400;\">Winner of the exclusive International Law Office (ILO) Client Choice Awards 2012, recognised as a leading figure in the field of employment law in Brazil. Further information: \u00a0 internationallawoffice.com<\/span><\/li>\n<\/ul>\n<ul>\n<li><span style=\"font-weight: 400;\"> \u00a0 Listed in The Legal 500 Latin America from 2012 to 2018. Recognised as arguably the most renowned figure in the employment law field today, with a national academic reputation. Further information:\u00a0 http:\/\/www.legal500.com<\/span><\/li>\n<li><span style=\"font-weight: 400;\"> \u00a0 Highlighted as a renowned employment lawyer in Best Lawyers. Further information: https:\/\/www.bestlawyers.com\/current-edition\/Brazil<\/span><\/li>\n<li><span style=\"font-weight: 400;\"> \u00a0 Highlighted as one of the most voted-for and recommended lawyers by members of Lacca \u2013 Latin American Corporate Counsel Association, an association bringing together the leading corporate boards operating in Latin America. Further information:\u00a0 http:\/\/laccanet.com\/approved\/96\/labour\/16\/brazil\/<\/span><\/li>\n<\/ul>\n<p><\/p>","protected":false},"featured_media":20929,"template":"","tipo":[7],"class_list":["post-124","profissional","type-profissional","status-publish","has-post-thumbnail","hentry","tipo-associes"],"acf":[],"yoast_head":"<!-- This site is optimized with the Yoast SEO plugin v26.3 - https:\/\/yoast.com\/wordpress\/plugins\/seo\/ -->\n<title>Est\u00eav\u00e3o Mallet - Mallet Advogados<\/title>\n<meta name=\"robots\" content=\"index, follow, max-snippet:-1, max-image-preview:large, max-video-preview:-1\" \/>\n<link rel=\"canonical\" href=\"https:\/\/mallet.adv.br\/profissional\/estevao-mallet\/\" \/>\n<meta property=\"og:locale\" content=\"en_US\" \/>\n<meta property=\"og:type\" content=\"article\" \/>\n<meta property=\"og:title\" content=\"Est\u00eav\u00e3o Mallet - Mallet Advogados\" \/>\n<meta property=\"og:description\" content=\"Admitted to the Brazilian Bar Association (OAB), S\u00e3o Paulo Chapter, under registration no. 109.014 [&hellip;]\" \/>\n<meta property=\"og:url\" content=\"https:\/\/mallet.adv.br\/profissional\/estevao-mallet\/\" \/>\n<meta property=\"og:site_name\" content=\"Mallet Advogados\" \/>\n<meta property=\"article:modified_time\" content=\"2026-04-16T15:24:41+00:00\" \/>\n<meta property=\"og:image\" content=\"https:\/\/mallet.adv.br\/wp-content\/uploads\/2025\/05\/15.png\" \/>\n\t<meta property=\"og:image:width\" content=\"1280\" \/>\n\t<meta property=\"og:image:height\" content=\"854\" \/>\n\t<meta property=\"og:image:type\" content=\"image\/png\" \/>\n<meta name=\"twitter:card\" content=\"summary_large_image\" \/>\n<meta name=\"twitter:label1\" content=\"Est. reading time\" \/>\n\t<meta name=\"twitter:data1\" content=\"8 minutes\" \/>\n<script type=\"application\/ld+json\" class=\"yoast-schema-graph\">{\"@context\":\"https:\/\/schema.org\",\"@graph\":[{\"@type\":\"WebPage\",\"@id\":\"https:\/\/mallet.adv.br\/profissional\/estevao-mallet\/\",\"url\":\"https:\/\/mallet.adv.br\/profissional\/estevao-mallet\/\",\"name\":\"Est\u00eav\u00e3o Mallet - Mallet Advogados\",\"isPartOf\":{\"@id\":\"https:\/\/mallet.adv.br\/#website\"},\"primaryImageOfPage\":{\"@id\":\"https:\/\/mallet.adv.br\/profissional\/estevao-mallet\/#primaryimage\"},\"image\":{\"@id\":\"https:\/\/mallet.adv.br\/profissional\/estevao-mallet\/#primaryimage\"},\"thumbnailUrl\":\"https:\/\/mallet.adv.br\/wp-content\/uploads\/2025\/05\/15.png\",\"datePublished\":\"2025-05-09T23:26:44+00:00\",\"dateModified\":\"2026-04-16T15:24:41+00:00\",\"breadcrumb\":{\"@id\":\"https:\/\/mallet.adv.br\/profissional\/estevao-mallet\/#breadcrumb\"},\"inLanguage\":\"en-US\",\"potentialAction\":[{\"@type\":\"ReadAction\",\"target\":[\"https:\/\/mallet.adv.br\/profissional\/estevao-mallet\/\"]}]},{\"@type\":\"ImageObject\",\"inLanguage\":\"en-US\",\"@id\":\"https:\/\/mallet.adv.br\/profissional\/estevao-mallet\/#primaryimage\",\"url\":\"https:\/\/mallet.adv.br\/wp-content\/uploads\/2025\/05\/15.png\",\"contentUrl\":\"https:\/\/mallet.adv.br\/wp-content\/uploads\/2025\/05\/15.png\",\"width\":1280,\"height\":854},{\"@type\":\"BreadcrumbList\",\"@id\":\"https:\/\/mallet.adv.br\/profissional\/estevao-mallet\/#breadcrumb\",\"itemListElement\":[{\"@type\":\"ListItem\",\"position\":1,\"name\":\"In\u00edcio\",\"item\":\"https:\/\/mallet.adv.br\/\"},{\"@type\":\"ListItem\",\"position\":2,\"name\":\"Est\u00eav\u00e3o Mallet\"}]},{\"@type\":\"WebSite\",\"@id\":\"https:\/\/mallet.adv.br\/#website\",\"url\":\"https:\/\/mallet.adv.br\/\",\"name\":\"Mallet Advogados\",\"description\":\"\",\"publisher\":{\"@id\":\"https:\/\/mallet.adv.br\/#organization\"},\"potentialAction\":[{\"@type\":\"SearchAction\",\"target\":{\"@type\":\"EntryPoint\",\"urlTemplate\":\"https:\/\/mallet.adv.br\/?s={search_term_string}\"},\"query-input\":{\"@type\":\"PropertyValueSpecification\",\"valueRequired\":true,\"valueName\":\"search_term_string\"}}],\"inLanguage\":\"en-US\"},{\"@type\":\"Organization\",\"@id\":\"https:\/\/mallet.adv.br\/#organization\",\"name\":\"Mallet Advogados\",\"url\":\"https:\/\/mallet.adv.br\/\",\"logo\":{\"@type\":\"ImageObject\",\"inLanguage\":\"en-US\",\"@id\":\"https:\/\/mallet.adv.br\/#\/schema\/logo\/image\/\",\"url\":\"https:\/\/mallet.adv.br\/wp-content\/uploads\/2025\/11\/Logo_Mallet_Buscadores.jpg\",\"contentUrl\":\"https:\/\/mallet.adv.br\/wp-content\/uploads\/2025\/11\/Logo_Mallet_Buscadores.jpg\",\"width\":500,\"height\":500,\"caption\":\"Mallet Advogados\"},\"image\":{\"@id\":\"https:\/\/mallet.adv.br\/#\/schema\/logo\/image\/\"},\"sameAs\":[\"https:\/\/www.linkedin.com\/company\/mallet-advogados-e-associados\/\"]}]}<\/script>\n<!-- \/ Yoast SEO plugin. -->","yoast_head_json":{"title":"Est\u00eav\u00e3o Mallet - Mallet Advogados","robots":{"index":"index","follow":"follow","max-snippet":"max-snippet:-1","max-image-preview":"max-image-preview:large","max-video-preview":"max-video-preview:-1"},"canonical":"https:\/\/mallet.adv.br\/profissional\/estevao-mallet\/","og_locale":"en_US","og_type":"article","og_title":"Est\u00eav\u00e3o Mallet - Mallet Advogados","og_description":"Admitted to the Brazilian Bar Association (OAB), S\u00e3o Paulo Chapter, under registration no. 109.014 [&hellip;]","og_url":"https:\/\/mallet.adv.br\/profissional\/estevao-mallet\/","og_site_name":"Mallet Advogados","article_modified_time":"2026-04-16T15:24:41+00:00","og_image":[{"width":1280,"height":854,"url":"https:\/\/mallet.adv.br\/wp-content\/uploads\/2025\/05\/15.png","type":"image\/png"}],"twitter_card":"summary_large_image","twitter_misc":{"Est. reading time":"8 minutes"},"schema":{"@context":"https:\/\/schema.org","@graph":[{"@type":"WebPage","@id":"https:\/\/mallet.adv.br\/profissional\/estevao-mallet\/","url":"https:\/\/mallet.adv.br\/profissional\/estevao-mallet\/","name":"Est\u00eav\u00e3o Mallet - Mallet Advogados","isPartOf":{"@id":"https:\/\/mallet.adv.br\/#website"},"primaryImageOfPage":{"@id":"https:\/\/mallet.adv.br\/profissional\/estevao-mallet\/#primaryimage"},"image":{"@id":"https:\/\/mallet.adv.br\/profissional\/estevao-mallet\/#primaryimage"},"thumbnailUrl":"https:\/\/mallet.adv.br\/wp-content\/uploads\/2025\/05\/15.png","datePublished":"2025-05-09T23:26:44+00:00","dateModified":"2026-04-16T15:24:41+00:00","breadcrumb":{"@id":"https:\/\/mallet.adv.br\/profissional\/estevao-mallet\/#breadcrumb"},"inLanguage":"en-US","potentialAction":[{"@type":"ReadAction","target":["https:\/\/mallet.adv.br\/profissional\/estevao-mallet\/"]}]},{"@type":"ImageObject","inLanguage":"en-US","@id":"https:\/\/mallet.adv.br\/profissional\/estevao-mallet\/#primaryimage","url":"https:\/\/mallet.adv.br\/wp-content\/uploads\/2025\/05\/15.png","contentUrl":"https:\/\/mallet.adv.br\/wp-content\/uploads\/2025\/05\/15.png","width":1280,"height":854},{"@type":"BreadcrumbList","@id":"https:\/\/mallet.adv.br\/profissional\/estevao-mallet\/#breadcrumb","itemListElement":[{"@type":"ListItem","position":1,"name":"In\u00edcio","item":"https:\/\/mallet.adv.br\/"},{"@type":"ListItem","position":2,"name":"Est\u00eav\u00e3o Mallet"}]},{"@type":"WebSite","@id":"https:\/\/mallet.adv.br\/#website","url":"https:\/\/mallet.adv.br\/","name":"Mallet Advogados","description":"","publisher":{"@id":"https:\/\/mallet.adv.br\/#organization"},"potentialAction":[{"@type":"SearchAction","target":{"@type":"EntryPoint","urlTemplate":"https:\/\/mallet.adv.br\/?s={search_term_string}"},"query-input":{"@type":"PropertyValueSpecification","valueRequired":true,"valueName":"search_term_string"}}],"inLanguage":"en-US"},{"@type":"Organization","@id":"https:\/\/mallet.adv.br\/#organization","name":"Mallet Advogados","url":"https:\/\/mallet.adv.br\/","logo":{"@type":"ImageObject","inLanguage":"en-US","@id":"https:\/\/mallet.adv.br\/#\/schema\/logo\/image\/","url":"https:\/\/mallet.adv.br\/wp-content\/uploads\/2025\/11\/Logo_Mallet_Buscadores.jpg","contentUrl":"https:\/\/mallet.adv.br\/wp-content\/uploads\/2025\/11\/Logo_Mallet_Buscadores.jpg","width":500,"height":500,"caption":"Mallet Advogados"},"image":{"@id":"https:\/\/mallet.adv.br\/#\/schema\/logo\/image\/"},"sameAs":["https:\/\/www.linkedin.com\/company\/mallet-advogados-e-associados\/"]}]}},"_links":{"self":[{"href":"https:\/\/mallet.adv.br\/en\/wp-json\/wp\/v2\/profissional\/124","targetHints":{"allow":["GET"]}}],"collection":[{"href":"https:\/\/mallet.adv.br\/en\/wp-json\/wp\/v2\/profissional"}],"about":[{"href":"https:\/\/mallet.adv.br\/en\/wp-json\/wp\/v2\/types\/profissional"}],"wp:featuredmedia":[{"embeddable":true,"href":"https:\/\/mallet.adv.br\/en\/wp-json\/wp\/v2\/media\/20929"}],"wp:attachment":[{"href":"https:\/\/mallet.adv.br\/en\/wp-json\/wp\/v2\/media?parent=124"}],"wp:term":[{"taxonomy":"tipo","embeddable":true,"href":"https:\/\/mallet.adv.br\/en\/wp-json\/wp\/v2\/tipo?post=124"}],"curies":[{"name":"wp","href":"https:\/\/api.w.org\/{rel}","templated":true}]}}